{"id":43,"date":"2015-02-03T21:56:16","date_gmt":"2015-02-03T19:56:16","guid":{"rendered":"http:\/\/2fellnasen.wordpress.com\/?page_id=43"},"modified":"2015-02-03T21:56:16","modified_gmt":"2015-02-03T19:56:16","slug":"der-wald-mit-den-leckerbaumen","status":"publish","type":"page","link":"http:\/\/bw-kreativ.de\/wordpress\/der-wald-mit-den-leckerbaumen\/","title":{"rendered":"Der Wald mit den Leckerb\u00e4umen"},"content":{"rendered":"<p>Hallooooo 2Beiner aufstehen, ich muss mal m\u00fcssen und ausserdem ist auch schon hell und die Sonne ist auch schon da !!!!<br \/>\nFraucheeeen, hallo wach werden!!!<br \/>\nHerrcheeeen aufwa \u2026&#8230;. oh was ist dass???<br \/>\nEiner von Herrchens F\u00fcsse, ob ich da mal etwas dran schlecke ???<\/p>\n<p><strong>Flannnaaa nein lass dasss!! Ich komme ja schon!!!<\/strong><\/p>\n<p>Ha \u2026&#8230; geschafft, Herrchen ist Wach, nun noch Frauchen, das ist leichter, einmal durch&#8217;s Gesicht geleckt und die ist wach hihihi<\/p>\n<p><strong>Iiiiiih Flanna !!!<\/strong><\/p>\n<p>So nun sind sie Wach, jetzt schnell runter zur Haust\u00fcr und davor hinhocken als ob ich dringend raus muss.Nein ich will nicht in Garten, ich will in Wald, nachsehen ob die Leckerb\u00e4ume schon wieder geerntet werden k\u00f6nnen.<\/p>\n<p><a href=\"http:\/\/bw-kreativ.de\/wordpress\/wp-content\/uploads\/wald1.jpg\"><img loading=\"lazy\" decoding=\"async\" class=\"alignleft size-medium wp-image-54\" src=\"http:\/\/bw-kreativ.de\/wordpress\/wp-content\/uploads\/wald1.jpg?w=300\" alt=\"wald1\" width=\"300\" height=\"225\" srcset=\"http:\/\/bw-kreativ.de\/wordpress\/wp-content\/uploads\/wald1.jpg 4320w, http:\/\/bw-kreativ.de\/wordpress\/wp-content\/uploads\/wald1-300x225.jpg 300w, http:\/\/bw-kreativ.de\/wordpress\/wp-content\/uploads\/wald1-768x576.jpg 768w, http:\/\/bw-kreativ.de\/wordpress\/wp-content\/uploads\/wald1-1024x768.jpg 1024w, http:\/\/bw-kreativ.de\/wordpress\/wp-content\/uploads\/wald1-624x468.jpg 624w, http:\/\/bw-kreativ.de\/wordpress\/wp-content\/uploads\/wald1-800x600.jpg 800w, http:\/\/bw-kreativ.de\/wordpress\/wp-content\/uploads\/wald1-1200x900-cropped.jpg 1200w\" sizes=\"auto, (max-width: 300px) 100vw, 300px\" \/><\/a><\/p>\n<p><a href=\"http:\/\/bw-kreativ.de\/wordpress\/wp-content\/uploads\/wald2.jpg\"><img loading=\"lazy\" decoding=\"async\" class=\"alignright size-medium wp-image-53\" src=\"http:\/\/bw-kreativ.de\/wordpress\/wp-content\/uploads\/wald2.jpg?w=300\" alt=\"wald2\" width=\"300\" height=\"225\" srcset=\"http:\/\/bw-kreativ.de\/wordpress\/wp-content\/uploads\/wald2.jpg 4320w, http:\/\/bw-kreativ.de\/wordpress\/wp-content\/uploads\/wald2-300x225.jpg 300w, http:\/\/bw-kreativ.de\/wordpress\/wp-content\/uploads\/wald2-768x576.jpg 768w, http:\/\/bw-kreativ.de\/wordpress\/wp-content\/uploads\/wald2-1024x768.jpg 1024w, http:\/\/bw-kreativ.de\/wordpress\/wp-content\/uploads\/wald2-624x468.jpg 624w, http:\/\/bw-kreativ.de\/wordpress\/wp-content\/uploads\/wald2-800x600.jpg 800w, http:\/\/bw-kreativ.de\/wordpress\/wp-content\/uploads\/wald2-1200x900-cropped.jpg 1200w\" sizes=\"auto, (max-width: 300px) 100vw, 300px\" \/><\/a><\/p>\n<p>So endlich, Geschirr an, Strippe dran, damit Frauchen gesichert ist und los geht es!!!<br \/>\nWie, zieh nicht so, ich helfe dir nur vorw\u00e4rts zu kommen Frauchen, ausserdem will ich nicht, dass ein anderer Hund meine Lecker erntet!!!<br \/>\nHey Rike hast du schon was gefunden, wachsen da auch welche????<\/p>\n<p><em>Nein die wachsen nicht!!! ist nur eine DSMS von Kumpel Goldi!<\/em><\/p>\n<p>Und die wachsen doch Rike, da bei den schlafenden B\u00e4umen, sind immer welche!<\/p>\n<p><em>Bei den schlafenden Was???<\/em><\/p>\n<p>Na da vorne hinter der Kurve, loooooos Frauchen leg einen Zahn zu!!!<br \/>\nWie ich soll Piseln und Gesch\u00e4ft erledigen???<br \/>\nDazu hab ich jetzt keine Zeit !!!<\/p>\n<p><a href=\"http:\/\/bw-kreativ.de\/wordpress\/wp-content\/uploads\/wald3.jpg\"><img loading=\"lazy\" decoding=\"async\" class=\"alignleft size-medium wp-image-52\" src=\"http:\/\/bw-kreativ.de\/wordpress\/wp-content\/uploads\/wald3.jpg?w=300\" alt=\"wald3\" width=\"300\" height=\"225\" srcset=\"http:\/\/bw-kreativ.de\/wordpress\/wp-content\/uploads\/wald3.jpg 4320w, http:\/\/bw-kreativ.de\/wordpress\/wp-content\/uploads\/wald3-300x225.jpg 300w, http:\/\/bw-kreativ.de\/wordpress\/wp-content\/uploads\/wald3-768x576.jpg 768w, http:\/\/bw-kreativ.de\/wordpress\/wp-content\/uploads\/wald3-1024x768.jpg 1024w, http:\/\/bw-kreativ.de\/wordpress\/wp-content\/uploads\/wald3-624x468.jpg 624w, http:\/\/bw-kreativ.de\/wordpress\/wp-content\/uploads\/wald3-800x600.jpg 800w, http:\/\/bw-kreativ.de\/wordpress\/wp-content\/uploads\/wald3-1200x900-cropped.jpg 1200w\" sizes=\"auto, (max-width: 300px) 100vw, 300px\" \/><\/a><br \/>\n<a href=\"http:\/\/bw-kreativ.de\/wordpress\/wp-content\/uploads\/wald4.jpg\"><img loading=\"lazy\" decoding=\"async\" class=\"alignright size-medium wp-image-51\" src=\"http:\/\/bw-kreativ.de\/wordpress\/wp-content\/uploads\/wald4.jpg?w=300\" alt=\"wald4\" width=\"300\" height=\"225\" srcset=\"http:\/\/bw-kreativ.de\/wordpress\/wp-content\/uploads\/wald4.jpg 4320w, http:\/\/bw-kreativ.de\/wordpress\/wp-content\/uploads\/wald4-300x225.jpg 300w, http:\/\/bw-kreativ.de\/wordpress\/wp-content\/uploads\/wald4-768x576.jpg 768w, http:\/\/bw-kreativ.de\/wordpress\/wp-content\/uploads\/wald4-1024x768.jpg 1024w, http:\/\/bw-kreativ.de\/wordpress\/wp-content\/uploads\/wald4-624x468.jpg 624w, http:\/\/bw-kreativ.de\/wordpress\/wp-content\/uploads\/wald4-800x600.jpg 800w, http:\/\/bw-kreativ.de\/wordpress\/wp-content\/uploads\/wald4-1200x900-cropped.jpg 1200w\" sizes=\"auto, (max-width: 300px) 100vw, 300px\" \/><\/a><\/p>\n<p>Aaaaah da sind sie ja meine schlafenden B\u00e4ume. So, gleich mal sehen ob da was ist!!<\/p>\n<p><strong>Flanna, Lecker !!!<\/strong><\/p>\n<p>Wie, Frauchen es gibt Lecker???<br \/>\nBin schon da, her damit, mach auch ganz sch\u00f6n Sitz!!!<br \/>\nAber beeil dich, ich muss ernten gehen!!<br \/>\nHeeee, warum darf jetzt Rike zuerst die Lecker ernten gehen, das ist unfair die sagt doch immer da wachsen keine!!!<br \/>\nOK, trostlecker neme ich, mag eh nicht hinsehen wie Rike meine ganzen Lecker erntet!!<br \/>\nSo jetzt aber, mal sehen ob da noch was ist \u2026&#8230;&#8230;&#8230;. jaaaaaa da sind noch welche, Klasse !!!!<br \/>\nRike du warst nicht gr\u00fcndlich genug!!<\/p>\n<p><em>Hahahahahahahah ist die Doooof hahahahah!!!!<\/em><\/p>\n<p>Mampf \u2026&#8230; wie such???? Mampf ich such doch schon und warum lachst du so d\u00e4mlich, du findest ja nicht mal alle Lecker die da sind !<\/p>\n<p><a href=\"http:\/\/bw-kreativ.de\/wordpress\/wp-content\/uploads\/wald5.jpg\"><img loading=\"lazy\" decoding=\"async\" class=\"alignleft size-medium wp-image-50\" src=\"http:\/\/bw-kreativ.de\/wordpress\/wp-content\/uploads\/wald5.jpg?w=300\" alt=\"wald5\" width=\"300\" height=\"225\" srcset=\"http:\/\/bw-kreativ.de\/wordpress\/wp-content\/uploads\/wald5.jpg 4320w, http:\/\/bw-kreativ.de\/wordpress\/wp-content\/uploads\/wald5-300x225.jpg 300w, http:\/\/bw-kreativ.de\/wordpress\/wp-content\/uploads\/wald5-768x576.jpg 768w, http:\/\/bw-kreativ.de\/wordpress\/wp-content\/uploads\/wald5-1024x768.jpg 1024w, http:\/\/bw-kreativ.de\/wordpress\/wp-content\/uploads\/wald5-624x468.jpg 624w, http:\/\/bw-kreativ.de\/wordpress\/wp-content\/uploads\/wald5-800x600.jpg 800w, http:\/\/bw-kreativ.de\/wordpress\/wp-content\/uploads\/wald5-1200x900-cropped.jpg 1200w\" sizes=\"auto, (max-width: 300px) 100vw, 300px\" \/><\/a><\/p>\n<p><a href=\"http:\/\/bw-kreativ.de\/wordpress\/wp-content\/uploads\/wald6.jpg\"><img loading=\"lazy\" decoding=\"async\" class=\"alignright size-medium wp-image-49\" src=\"http:\/\/bw-kreativ.de\/wordpress\/wp-content\/uploads\/wald6.jpg?w=300\" alt=\"wald6\" width=\"300\" height=\"225\" srcset=\"http:\/\/bw-kreativ.de\/wordpress\/wp-content\/uploads\/wald6.jpg 4320w, http:\/\/bw-kreativ.de\/wordpress\/wp-content\/uploads\/wald6-300x225.jpg 300w, http:\/\/bw-kreativ.de\/wordpress\/wp-content\/uploads\/wald6-768x576.jpg 768w, http:\/\/bw-kreativ.de\/wordpress\/wp-content\/uploads\/wald6-1024x768.jpg 1024w, http:\/\/bw-kreativ.de\/wordpress\/wp-content\/uploads\/wald6-624x468.jpg 624w, http:\/\/bw-kreativ.de\/wordpress\/wp-content\/uploads\/wald6-800x600.jpg 800w, http:\/\/bw-kreativ.de\/wordpress\/wp-content\/uploads\/wald6-1200x900-cropped.jpg 1200w\" sizes=\"auto, (max-width: 300px) 100vw, 300px\" \/><\/a><\/p>\n<p><em>Ich sag nur, es wachsen keine Lecker, glaub mir Flanna und wenn du jetzt aufpasst dann wirst du es gleich sehen.Da ist unsere Bank, und da auf B\u00e4nken bekanntlich keine Lecker wachsen, genauso wie auf gef\u00e4llten B\u00e4umen, muss die jemand da hinlegen!!!<br \/>\n<\/em><em>Also pass jetzt genau auf was Frauchen und Herrchen machen!!<\/em><\/p>\n<p>Ok, wenn du meinst!!<\/p>\n<p><em>Hast du es gesehen Flanna? Herrchen hat die Lecker hingelegt und ich habe sie dann gesucht und gefressen und nun hat Frauchen f\u00fcr dich welche hingelegt!<br \/>\nFlanna??? Flannnaaaa??<\/em><\/p>\n<p>\u00c4h was \u2026. wie ???<br \/>\nTschuldigung, da hat es gerade sehr verd\u00e4chtig nach Wildschwein gerochen!<br \/>\nHa Rike du hast wieder welche vergessen zu ernten !!<br \/>\nUND SIE WACHSEN DOCH!!!!!<\/p>\n<p><em>Ich geb es auf, du bist zu bl\u00f6d!!!<br \/>\n<\/em><em>Gehen wir weiter, irgendwann kommst hoffentlich auch du dahinter!<\/em><\/p>\n<p>Hinter was Rike?<br \/>\nSind hinter den B\u00e4umen auch noch welche??<br \/>\nRike, Riiikeee \u2026. jetzt warte doch, menno ich hab Frauchen an der Leine, da komme ich nicht so schnell nach!!<br \/>\nWas machst du und Herrchen denn da ???<\/p>\n<p><em>Guck mal da oben am Baum w\u00e4chst auch noch ein lecker !!*kichert*<\/em><br \/>\n<a href=\"http:\/\/bw-kreativ.de\/wordpress\/wp-content\/uploads\/wald7.jpg\"><img loading=\"lazy\" decoding=\"async\" class=\"alignleft size-medium wp-image-48\" src=\"http:\/\/bw-kreativ.de\/wordpress\/wp-content\/uploads\/wald7.jpg?w=300\" alt=\"wald7\" width=\"300\" height=\"225\" srcset=\"http:\/\/bw-kreativ.de\/wordpress\/wp-content\/uploads\/wald7.jpg 4320w, http:\/\/bw-kreativ.de\/wordpress\/wp-content\/uploads\/wald7-300x225.jpg 300w, http:\/\/bw-kreativ.de\/wordpress\/wp-content\/uploads\/wald7-768x576.jpg 768w, http:\/\/bw-kreativ.de\/wordpress\/wp-content\/uploads\/wald7-1024x768.jpg 1024w, http:\/\/bw-kreativ.de\/wordpress\/wp-content\/uploads\/wald7-624x468.jpg 624w, http:\/\/bw-kreativ.de\/wordpress\/wp-content\/uploads\/wald7-800x600.jpg 800w, http:\/\/bw-kreativ.de\/wordpress\/wp-content\/uploads\/wald7-1200x900-cropped.jpg 1200w\" sizes=\"auto, (max-width: 300px) 100vw, 300px\" \/><\/a><a href=\"http:\/\/bw-kreativ.de\/wordpress\/wp-content\/uploads\/wald8.jpg\"><img loading=\"lazy\" decoding=\"async\" class=\"alignright size-medium wp-image-47\" src=\"http:\/\/bw-kreativ.de\/wordpress\/wp-content\/uploads\/wald8.jpg?w=300\" alt=\"wald8\" width=\"300\" height=\"225\" srcset=\"http:\/\/bw-kreativ.de\/wordpress\/wp-content\/uploads\/wald8.jpg 4320w, http:\/\/bw-kreativ.de\/wordpress\/wp-content\/uploads\/wald8-300x225.jpg 300w, http:\/\/bw-kreativ.de\/wordpress\/wp-content\/uploads\/wald8-768x576.jpg 768w, http:\/\/bw-kreativ.de\/wordpress\/wp-content\/uploads\/wald8-1024x768.jpg 1024w, http:\/\/bw-kreativ.de\/wordpress\/wp-content\/uploads\/wald8-624x468.jpg 624w, http:\/\/bw-kreativ.de\/wordpress\/wp-content\/uploads\/wald8-800x600.jpg 800w, http:\/\/bw-kreativ.de\/wordpress\/wp-content\/uploads\/wald8-1200x900-cropped.jpg 1200w\" sizes=\"auto, (max-width: 300px) 100vw, 300px\" \/><\/a><\/p>\n<p>Uiiih ist das aber ein grosser Baum, da muss ich ja richtig hochklettern.<br \/>\n*schn\u00fcffel* Das riecht wie \u2026.. riecht wie \u2026 lecker *schn\u00fcffel*<br \/>\nJaaa, da ist es !!! Riiikeee, du hattest recht, da wachsen sie auch, gleich beim n\u00e4chsten Baum auch nachgucken!!<br \/>\nHmmmm hier ist nichts \u2026&#8230;. und bei dem, auch nichts, weiter zum n\u00e4chsten&#8230;&#8230;&#8230;.<\/p>\n<p><a href=\"http:\/\/bw-kreativ.de\/wordpress\/wp-content\/uploads\/wald9.jpg\"><img loading=\"lazy\" decoding=\"async\" class=\"alignleft size-medium wp-image-46\" src=\"http:\/\/bw-kreativ.de\/wordpress\/wp-content\/uploads\/wald9.jpg?w=300\" alt=\"wald9\" width=\"300\" height=\"225\" srcset=\"http:\/\/bw-kreativ.de\/wordpress\/wp-content\/uploads\/wald9.jpg 4320w, http:\/\/bw-kreativ.de\/wordpress\/wp-content\/uploads\/wald9-300x225.jpg 300w, http:\/\/bw-kreativ.de\/wordpress\/wp-content\/uploads\/wald9-768x576.jpg 768w, http:\/\/bw-kreativ.de\/wordpress\/wp-content\/uploads\/wald9-1024x768.jpg 1024w, http:\/\/bw-kreativ.de\/wordpress\/wp-content\/uploads\/wald9-624x468.jpg 624w, http:\/\/bw-kreativ.de\/wordpress\/wp-content\/uploads\/wald9-800x600.jpg 800w, http:\/\/bw-kreativ.de\/wordpress\/wp-content\/uploads\/wald9-1200x900-cropped.jpg 1200w\" sizes=\"auto, (max-width: 300px) 100vw, 300px\" \/><\/a><a href=\"http:\/\/bw-kreativ.de\/wordpress\/wp-content\/uploads\/wald10.jpg\"><img loading=\"lazy\" decoding=\"async\" class=\"alignright size-medium wp-image-45\" src=\"http:\/\/bw-kreativ.de\/wordpress\/wp-content\/uploads\/wald10.jpg?w=300\" alt=\"wald10\" width=\"300\" height=\"225\" srcset=\"http:\/\/bw-kreativ.de\/wordpress\/wp-content\/uploads\/wald10.jpg 4320w, http:\/\/bw-kreativ.de\/wordpress\/wp-content\/uploads\/wald10-300x225.jpg 300w, http:\/\/bw-kreativ.de\/wordpress\/wp-content\/uploads\/wald10-768x576.jpg 768w, http:\/\/bw-kreativ.de\/wordpress\/wp-content\/uploads\/wald10-1024x768.jpg 1024w, http:\/\/bw-kreativ.de\/wordpress\/wp-content\/uploads\/wald10-624x468.jpg 624w, http:\/\/bw-kreativ.de\/wordpress\/wp-content\/uploads\/wald10-800x600.jpg 800w, http:\/\/bw-kreativ.de\/wordpress\/wp-content\/uploads\/wald10-1200x900-cropped.jpg 1200w\" sizes=\"auto, (max-width: 300px) 100vw, 300px\" \/><\/a><\/p>\n<p><em>Hihihihahahaha Ok das war jetzt nicht fair, denn Frauchen muss es jetzt ausbaden!!<br \/>\n<\/em><em>hihihi die untersucht jetzt jeden gr\u00f6sseren Baum im Wald auf Lecker hahaha und so ein Wald hat viele B\u00e4ume hihihi!<br \/>\n<\/em><em>Komm Herrchen gehen wir nach Hause, ich hab Hunger und du willst sicher auch Fr\u00fchst\u00fcck, Frauchen und Flanna werden ja noch eine weile brauchen hihihihahaha!!!<\/em><\/p>\n","protected":false},"excerpt":{"rendered":"<p>Hallooooo 2Beiner aufstehen, ich muss mal m\u00fcssen und ausserdem ist auch schon hell und die Sonne ist auch schon da !!!! Fraucheeeen, hallo wach werden!!! Herrcheeeen aufwa \u2026&#8230;. oh was ist dass??? Einer von Herrchens F\u00fcsse, ob ich da mal etwas dran schlecke ??? Flannnaaa nein lass dasss!! Ich komme ja schon!!! Ha \u2026&#8230; geschafft, &hellip; <a href=\"http:\/\/bw-kreativ.de\/wordpress\/der-wald-mit-den-leckerbaumen\/\" class=\"more-link\"><span class=\"screen-reader-text\">Der Wald mit den Leckerb\u00e4umen<\/span> weiterlesen <span class=\"meta-nav\">&rarr;<\/span><\/a><\/p>\n","protected":false},"author":1,"featured_media":0,"parent":0,"menu_order":0,"comment_status":"open","ping_status":"open","template":"","meta":{"footnotes":""},"class_list":["post-43","page","type-page","status-publish","hentry"],"yoast_head":"<!-- This site is optimized with the Yoast SEO plugin v24.6 - https:\/\/yoast.com\/wordpress\/plugins\/seo\/ -->\n<title>Der Wald mit den Leckerb\u00e4umen - Kurzgebell 2.0<\/title>\n<meta name=\"robots\" content=\"index, follow, max-snippet:-1, max-image-preview:large, max-video-preview:-1\" \/>\n<link rel=\"canonical\" href=\"http:\/\/bw-kreativ.de\/wordpress\/der-wald-mit-den-leckerbaumen\/\" \/>\n<script type=\"application\/ld+json\" class=\"yoast-schema-graph\">{\"@context\":\"https:\/\/schema.org\",\"@graph\":[{\"@type\":\"BreadcrumbList\",\"@id\":\"http:\/\/bw-kreativ.de\/wordpress\/der-wald-mit-den-leckerbaumen\/#breadcrumb\",\"itemListElement\":[{\"@type\":\"ListItem\",\"position\":1,\"name\":\"Startseite\",\"item\":\"http:\/\/bw-kreativ.de\/wordpress\/\"},{\"@type\":\"ListItem\",\"position\":2,\"name\":\"Der Wald mit den Leckerb\u00e4umen\"}]}]}<\/script>\n<!-- \/ Yoast SEO plugin. -->","yoast_head_json":{"title":"Der Wald mit den Leckerb\u00e4umen - Kurzgebell 2.0","robots":{"index":"index","follow":"follow","max-snippet":"max-snippet:-1","max-image-preview":"max-image-preview:large","max-video-preview":"max-video-preview:-1"},"canonical":"http:\/\/bw-kreativ.de\/wordpress\/der-wald-mit-den-leckerbaumen\/","schema":{"@context":"https:\/\/schema.org","@graph":[{"@type":"BreadcrumbList","@id":"http:\/\/bw-kreativ.de\/wordpress\/der-wald-mit-den-leckerbaumen\/#breadcrumb","itemListElement":[{"@type":"ListItem","position":1,"name":"Startseite","item":"http:\/\/bw-kreativ.de\/wordpress\/"},{"@type":"ListItem","position":2,"name":"Der Wald mit den Leckerb\u00e4umen"}]}]}},"_links":{"self":[{"href":"http:\/\/bw-kreativ.de\/wordpress\/wp-json\/wp\/v2\/pages\/43","targetHints":{"allow":["GET"]}}],"collection":[{"href":"http:\/\/bw-kreativ.de\/wordpress\/wp-json\/wp\/v2\/pages"}],"about":[{"href":"http:\/\/bw-kreativ.de\/wordpress\/wp-json\/wp\/v2\/types\/page"}],"author":[{"embeddable":true,"href":"http:\/\/bw-kreativ.de\/wordpress\/wp-json\/wp\/v2\/users\/1"}],"replies":[{"embeddable":true,"href":"http:\/\/bw-kreativ.de\/wordpress\/wp-json\/wp\/v2\/comments?post=43"}],"version-history":[{"count":0,"href":"http:\/\/bw-kreativ.de\/wordpress\/wp-json\/wp\/v2\/pages\/43\/revisions"}],"wp:attachment":[{"href":"http:\/\/bw-kreativ.de\/wordpress\/wp-json\/wp\/v2\/media?parent=43"}],"curies":[{"name":"wp","href":"https:\/\/api.w.org\/{rel}","templated":true}]}}